{"id":3515,"date":"2017-11-16T15:57:54","date_gmt":"2017-11-16T14:57:54","guid":{"rendered":"https:\/\/sharefood.be\/share-food-frigo\/"},"modified":"2022-05-07T10:37:38","modified_gmt":"2022-05-07T08:37:38","slug":"our-fridges","status":"publish","type":"page","link":"https:\/\/sharefood.be\/en\/our-fridges\/","title":{"rendered":"Our fridges"},"content":{"rendered":"<p>[vc_row][vc_column]\r\n\r\n<div class=\"nonprofit_empty_space\" data-heightmobile=\"0\" data-heighttablet=\"5\" data-heightdesktop=\"10\">\r\n\r\n<\/div>\r\n      \r\n\r\n\r\n\r\n        \r\n      \r\n    [\/vc_column][\/vc_row][vc_row full_width=&#8221;stretch_row_content_no_spaces&#8221; equal_height=&#8221;yes&#8221;][vc_column width=&#8221;1\/2&#8243; css=&#8221;.vc_custom_1651842006169{padding-top: 50px !important;padding-right: 150px !important;padding-bottom: 50px !important;padding-left: 150px !important;background-image: url(https:\/\/sharefood.be\/wp-content\/uploads\/2022\/04\/PHOTO-2021-10-07-18-01-22.jpg?id=3473) !important;background-position: center !important;background-repeat: no-repeat !important;background-size: cover !important;}&#8221;][\/vc_column][vc_column width=&#8221;1\/2&#8243; css=&#8221;.vc_custom_1651842662243{padding-top: 50px !important;padding-right: 50px !important;padding-bottom: 50px !important;padding-left: 50px !important;background-color: #fafafa !important;}&#8221;]\r\n\r\n<div class=\"nonprofit_empty_space\" data-heightmobile=\"30\" data-heighttablet=\"40\" data-heightdesktop=\"50\">\r\n\r\n<\/div>\r\n      \r\n\r\n\r\n\r\n        \r\n      \r\n    [vc_row_inner][vc_column_inner width=&#8221;1\/12&#8243;][\/vc_column_inner][vc_column_inner width=&#8221;10\/12&#8243;]\t\t<div class=\"wd-heading   text-left\" >\r\n\t\t\t\r\n\t\t\t\t\r\n\t\t\t\t<h2 style=\"margin:0;font-size:34px;color:#303030;line-height:80px;\" >\r\n\t\t\t\t\tSaint-Gilles fridge\t\t\t\t<\/h2>\r\n\r\n        <div style='margin-top: 20px;'><\/div>\t\t\t\t\r\n      \t\t\t\t<p style=\"font-size:17px;color:#808080;line-height:30px;\" >\r\n\t\t\t\t\tThe distribution of unsold food takes place : Tuesday to Saturday from 10am to 12pm. Address: Rue Arthur Diderich, 34 in Saint-Gilles. Everyone is welcome and it's free. No need for proof or particular reason. Our volunteers distribute according to the needs of each person. The products available depend on the unsold goods collected the day before or on the day itself.\t\t\t\t<\/p>\r\n      \r\n\t\t\t\t\r\n\t\t\t\t\t<\/div>\r\n\r\n\t\t[\/vc_column_inner][vc_column_inner width=&#8221;1\/12&#8243;][\/vc_column_inner][\/vc_row_inner]\r\n\r\n<div class=\"nonprofit_empty_space\" data-heightmobile=\"30\" data-heighttablet=\"40\" data-heightdesktop=\"50\">\r\n\r\n<\/div>\r\n      \r\n\r\n\r\n\r\n        \r\n      \r\n    [\/vc_column][\/vc_row][vc_row full_width=&#8221;stretch_row_content_no_spaces&#8221; equal_height=&#8221;yes&#8221;][vc_column width=&#8221;1\/2&#8243; css=&#8221;.vc_custom_1651842670994{padding-top: 50px !important;padding-right: 50px !important;padding-bottom: 50px !important;padding-left: 50px !important;background-color: #fafafa !important;background-position: center !important;background-repeat: no-repeat !important;background-size: cover !important;}&#8221;]\r\n\r\n<div class=\"nonprofit_empty_space\" data-heightmobile=\"30\" data-heighttablet=\"40\" data-heightdesktop=\"50\">\r\n\r\n<\/div>\r\n      \r\n\r\n\r\n\r\n        \r\n      \r\n    [vc_row_inner][vc_column_inner width=&#8221;1\/12&#8243;][\/vc_column_inner][vc_column_inner width=&#8221;10\/12&#8243;]\t\t<div class=\"wd-heading   text-left\" >\r\n\t\t\t\r\n\t\t\t\t\r\n\t\t\t\t<h2 style=\"margin:0;font-size:34px;color:#303030;line-height:80px;\" >\r\n\t\t\t\t\tForest fridge\t\t\t\t<\/h2>\r\n\r\n        <div style='margin-top: 20px;'><\/div>\t\t\t\t\r\n      \t\t\t\t<p style=\"font-size:17px;color:#808080;line-height:30px;\" >\r\n\t\t\t\t\tDistribution is on Saturday from 10.00 to 12.00. Address: Rue du Montenegro, 138 in Forest.\t\t\t\t<\/p>\r\n      \r\n\t\t\t\t\r\n\t\t\t\t\t<\/div>\r\n\r\n\t\t[\/vc_column_inner][vc_column_inner width=&#8221;1\/12&#8243;][\/vc_column_inner][\/vc_row_inner]\r\n\r\n<div class=\"nonprofit_empty_space\" data-heightmobile=\"30\" data-heighttablet=\"40\" data-heightdesktop=\"50\">\r\n\r\n<\/div>\r\n      \r\n\r\n\r\n\r\n        \r\n      \r\n    [\/vc_column][vc_column width=&#8221;1\/2&#8243; css=&#8221;.vc_custom_1651842014809{padding-top: 177px !important;padding-right: 150px !important;padding-bottom: 177px !important;padding-left: 150px !important;background: #fafafa url(https:\/\/sharefood.be\/wp-content\/uploads\/2022\/04\/image5.jpeg?id=3476) !important;background-position: center !important;background-repeat: no-repeat !important;background-size: cover !important;}&#8221;][\/vc_column][\/vc_row][vc_row full_width=&#8221;stretch_row_content_no_spaces&#8221; equal_height=&#8221;yes&#8221;][vc_column width=&#8221;1\/2&#8243; css=&#8221;.vc_custom_1651842026828{padding-top: 177px !important;padding-right: 150px !important;padding-bottom: 177px !important;padding-left: 150px !important;background-image: url(https:\/\/sharefood.be\/wp-content\/uploads\/2022\/04\/PHOTO-2021-10-07-14-59-42.jpg?id=3479) !important;background-position: center !important;background-repeat: no-repeat !important;background-size: cover !important;}&#8221;][\/vc_column][vc_column width=&#8221;1\/2&#8243; css=&#8221;.vc_custom_1651842686935{padding-top: 50px !important;padding-right: 50px !important;padding-bottom: 50px !important;padding-left: 50px !important;background-color: #fafafa !important;}&#8221;]\r\n\r\n<div class=\"nonprofit_empty_space\" data-heightmobile=\"30\" data-heighttablet=\"40\" data-heightdesktop=\"50\">\r\n\r\n<\/div>\r\n      \r\n\r\n\r\n\r\n        \r\n      \r\n    [vc_row_inner][vc_column_inner width=&#8221;1\/12&#8243;][\/vc_column_inner][vc_column_inner width=&#8221;10\/12&#8243;]\t\t<div class=\"wd-heading   text-left\" >\r\n\t\t\t\r\n\t\t\t\t\r\n\t\t\t\t<h2 style=\"margin:0;font-size:34px;color:#303030;line-height:80px;\" >\r\n\t\t\t\t\tNext fridge ?\t\t\t\t<\/h2>\r\n\r\n        <div style='margin-top: 20px;'><\/div>\t\t\t\t\r\n      \t\t\t\t<p style=\"font-size:17px;color:#808080;line-height:30px;\" >\r\n\t\t\t\t\tWe always look for new spots to open new solidarity fridges. You know a garage or an empty space ? Please reach out to discuss further. We need somewhere ground floor and direct street access. \t\t\t\t<\/p>\r\n      \r\n\t\t\t\t\r\n\t\t\t\t\t<\/div>\r\n\r\n\t\t[\/vc_column_inner][vc_column_inner width=&#8221;1\/12&#8243;][\/vc_column_inner][\/vc_row_inner][vc_row_inner][vc_column_inner width=&#8221;1\/12&#8243;][\/vc_column_inner][vc_column_inner width=&#8221;11\/12&#8243; css=&#8221;.vc_custom_1485708008533{padding-top: 15px !important;}&#8221;][vc_btn title=&#8221;Contact us&#8221; color=&#8221;green&#8221; link=&#8221;url:https%3A%2F%2Fsharefood.be%2Fen%2F%23contact&#8221;][\/vc_column_inner][\/vc_row_inner][\/vc_column][\/vc_row]<\/p>\n","protected":false},"excerpt":{"rendered":"<p>[vc_row][vc_column][\/vc_column][\/vc_row][vc_row full_width=&#8221;stretch_row_content_no_spaces&#8221; equal_height=&#8221;yes&#8221;][vc_column width=&#8221;1\/2&#8243; css=&#8221;.vc_custom_1651842006169{padding-top: 50px !important;padding-right: 150px !important;padding-bottom: 50px !important;padding-left: 150px !important;background-image: url(https:\/\/sharefood.be\/wp-content\/uploads\/2022\/04\/PHOTO-2021-10-07-18-01-22.jpg?id=3473) !important;background-position: center !important;background-repeat: no-repeat !important;background-size: cover !important;}&#8221;][\/vc_column][vc_column width=&#8221;1\/2&#8243; css=&#8221;.vc_custom_1651842662243{padding-top: 50px !important;padding-right: 50px !important;padding-bottom: 50px !important;padding-left: 50px !important;background-color: #fafafa !important;}&#8221;][vc_row_inner][vc_column_inner width=&#8221;1\/12&#8243;][\/vc_column_inner][vc_column_inner width=&#8221;10\/12&#8243;][\/vc_column_inner][vc_column_inner width=&#8221;1\/12&#8243;][\/vc_column_inner][\/vc_row_inner][\/vc_column][\/vc_row][vc_row full_width=&#8221;stretch_row_content_no_spaces&#8221; equal_height=&#8221;yes&#8221;][vc_column width=&#8221;1\/2&#8243; css=&#8221;.vc_custom_1651842670994{padding-top: 50px !important;padding-right: 50px !important;padding-bottom: 50px !important;padding-left: 50px !important;background-color: #fafafa !important;background-position: center !important;background-repeat: no-repeat !important;background-size: cover [&hellip;]<\/p>\n","protected":false},"author":1,"featured_media":0,"parent":0,"menu_order":0,"comment_status":"closed","ping_status":"closed","template":"","meta":{"_bbp_topic_count":0,"_bbp_reply_count":0,"_bbp_total_topic_count":0,"_bbp_total_reply_count":0,"_bbp_voice_count":0,"_bbp_anonymous_reply_count":0,"_bbp_topic_count_hidden":0,"_bbp_reply_count_hidden":0,"_bbp_forum_subforum_count":0},"yoast_head":"<!-- This site is optimized with the Yoast SEO plugin v21.1 - https:\/\/yoast.com\/wordpress\/plugins\/seo\/ -->\n<title>Nos frigos - Share Food asbl<\/title>\n<meta name=\"description\" content=\"Share Food asbl : La principale mission de Share Food est de r\u00e9cup\u00e9rer des invendus alimentaires \u00e0 Bruxelles et de les redistribuer \u00e0 des associations actives dans la redistribution alimentaire ou directement \u00e0 des personnes ne b\u00e9n\u00e9ficiant pas d&#039;un acc\u00e8s facile \u00e0 une nourriture de qualit\u00e9. Rejoignez Share Food !\" \/>\n<meta name=\"robots\" content=\"index, follow, max-snippet:-1, max-image-preview:large, max-video-preview:-1\" \/>\n<link rel=\"canonical\" href=\"https:\/\/sharefood.be\/en\/our-fridges\/\" \/>\n<meta name=\"twitter:card\" content=\"summary_large_image\" \/>\n<meta name=\"twitter:title\" content=\"Nos frigos - Share Food asbl\" \/>\n<meta name=\"twitter:description\" content=\"Share Food asbl : La principale mission de Share Food est de r\u00e9cup\u00e9rer des invendus alimentaires \u00e0 Bruxelles et de les redistribuer \u00e0 des associations actives dans la redistribution alimentaire ou directement \u00e0 des personnes ne b\u00e9n\u00e9ficiant pas d&#039;un acc\u00e8s facile \u00e0 une nourriture de qualit\u00e9. Rejoignez Share Food !\" \/>\n<meta name=\"twitter:label1\" content=\"Est. reading time\" \/>\n\t<meta name=\"twitter:data1\" content=\"2 minutes\" \/>\n<script type=\"application\/ld+json\" class=\"yoast-schema-graph\">{\"@context\":\"https:\/\/schema.org\",\"@graph\":[{\"@type\":\"WebPage\",\"@id\":\"https:\/\/sharefood.be\/en\/our-fridges\/\",\"url\":\"https:\/\/sharefood.be\/en\/our-fridges\/\",\"name\":\"Nos frigos - Share Food asbl\",\"isPartOf\":{\"@id\":\"https:\/\/sharefood.be\/#website\"},\"datePublished\":\"2017-11-16T14:57:54+00:00\",\"dateModified\":\"2022-05-07T08:37:38+00:00\",\"description\":\"Share Food asbl : La principale mission de Share Food est de r\u00e9cup\u00e9rer des invendus alimentaires \u00e0 Bruxelles et de les redistribuer \u00e0 des associations actives dans la redistribution alimentaire ou directement \u00e0 des personnes ne b\u00e9n\u00e9ficiant pas d'un acc\u00e8s facile \u00e0 une nourriture de qualit\u00e9. Rejoignez Share Food !\",\"breadcrumb\":{\"@id\":\"https:\/\/sharefood.be\/en\/our-fridges\/#breadcrumb\"},\"inLanguage\":\"en-US\",\"potentialAction\":[{\"@type\":\"ReadAction\",\"target\":[\"https:\/\/sharefood.be\/en\/our-fridges\/\"]}]},{\"@type\":\"BreadcrumbList\",\"@id\":\"https:\/\/sharefood.be\/en\/our-fridges\/#breadcrumb\",\"itemListElement\":[{\"@type\":\"ListItem\",\"position\":1,\"name\":\"Accueil\",\"item\":\"https:\/\/sharefood.be\/en\/\"},{\"@type\":\"ListItem\",\"position\":2,\"name\":\"Our fridges\"}]},{\"@type\":\"WebSite\",\"@id\":\"https:\/\/sharefood.be\/#website\",\"url\":\"https:\/\/sharefood.be\/\",\"name\":\"Share Food asbl\",\"description\":\"\",\"publisher\":{\"@id\":\"https:\/\/sharefood.be\/#organization\"},\"potentialAction\":[{\"@type\":\"SearchAction\",\"target\":{\"@type\":\"EntryPoint\",\"urlTemplate\":\"https:\/\/sharefood.be\/?s={search_term_string}\"},\"query-input\":\"required name=search_term_string\"}],\"inLanguage\":\"en-US\"},{\"@type\":\"Organization\",\"@id\":\"https:\/\/sharefood.be\/#organization\",\"name\":\"Share Food ASBL\",\"url\":\"https:\/\/sharefood.be\/\",\"logo\":{\"@type\":\"ImageObject\",\"inLanguage\":\"en-US\",\"@id\":\"https:\/\/sharefood.be\/#\/schema\/logo\/image\/\",\"url\":\"https:\/\/sharefood.be\/wp-content\/uploads\/2018\/01\/logo-sharefood.png\",\"contentUrl\":\"https:\/\/sharefood.be\/wp-content\/uploads\/2018\/01\/logo-sharefood.png\",\"width\":1065,\"height\":1065,\"caption\":\"Share Food ASBL\"},\"image\":{\"@id\":\"https:\/\/sharefood.be\/#\/schema\/logo\/image\/\"},\"sameAs\":[\"https:\/\/www.facebook.com\/sharefoodbrussels\/\"]}]}<\/script>\n<!-- \/ Yoast SEO plugin. -->","yoast_head_json":{"title":"Nos frigos - Share Food asbl","description":"Share Food asbl : La principale mission de Share Food est de r\u00e9cup\u00e9rer des invendus alimentaires \u00e0 Bruxelles et de les redistribuer \u00e0 des associations actives dans la redistribution alimentaire ou directement \u00e0 des personnes ne b\u00e9n\u00e9ficiant pas d'un acc\u00e8s facile \u00e0 une nourriture de qualit\u00e9. Rejoignez Share Food !","robots":{"index":"index","follow":"follow","max-snippet":"max-snippet:-1","max-image-preview":"max-image-preview:large","max-video-preview":"max-video-preview:-1"},"canonical":"https:\/\/sharefood.be\/en\/our-fridges\/","twitter_card":"summary_large_image","twitter_title":"Nos frigos - Share Food asbl","twitter_description":"Share Food asbl : La principale mission de Share Food est de r\u00e9cup\u00e9rer des invendus alimentaires \u00e0 Bruxelles et de les redistribuer \u00e0 des associations actives dans la redistribution alimentaire ou directement \u00e0 des personnes ne b\u00e9n\u00e9ficiant pas d'un acc\u00e8s facile \u00e0 une nourriture de qualit\u00e9. Rejoignez Share Food !","twitter_misc":{"Est. reading time":"2 minutes"},"schema":{"@context":"https:\/\/schema.org","@graph":[{"@type":"WebPage","@id":"https:\/\/sharefood.be\/en\/our-fridges\/","url":"https:\/\/sharefood.be\/en\/our-fridges\/","name":"Nos frigos - Share Food asbl","isPartOf":{"@id":"https:\/\/sharefood.be\/#website"},"datePublished":"2017-11-16T14:57:54+00:00","dateModified":"2022-05-07T08:37:38+00:00","description":"Share Food asbl : La principale mission de Share Food est de r\u00e9cup\u00e9rer des invendus alimentaires \u00e0 Bruxelles et de les redistribuer \u00e0 des associations actives dans la redistribution alimentaire ou directement \u00e0 des personnes ne b\u00e9n\u00e9ficiant pas d'un acc\u00e8s facile \u00e0 une nourriture de qualit\u00e9. Rejoignez Share Food !","breadcrumb":{"@id":"https:\/\/sharefood.be\/en\/our-fridges\/#breadcrumb"},"inLanguage":"en-US","potentialAction":[{"@type":"ReadAction","target":["https:\/\/sharefood.be\/en\/our-fridges\/"]}]},{"@type":"BreadcrumbList","@id":"https:\/\/sharefood.be\/en\/our-fridges\/#breadcrumb","itemListElement":[{"@type":"ListItem","position":1,"name":"Accueil","item":"https:\/\/sharefood.be\/en\/"},{"@type":"ListItem","position":2,"name":"Our fridges"}]},{"@type":"WebSite","@id":"https:\/\/sharefood.be\/#website","url":"https:\/\/sharefood.be\/","name":"Share Food asbl","description":"","publisher":{"@id":"https:\/\/sharefood.be\/#organization"},"potentialAction":[{"@type":"SearchAction","target":{"@type":"EntryPoint","urlTemplate":"https:\/\/sharefood.be\/?s={search_term_string}"},"query-input":"required name=search_term_string"}],"inLanguage":"en-US"},{"@type":"Organization","@id":"https:\/\/sharefood.be\/#organization","name":"Share Food ASBL","url":"https:\/\/sharefood.be\/","logo":{"@type":"ImageObject","inLanguage":"en-US","@id":"https:\/\/sharefood.be\/#\/schema\/logo\/image\/","url":"https:\/\/sharefood.be\/wp-content\/uploads\/2018\/01\/logo-sharefood.png","contentUrl":"https:\/\/sharefood.be\/wp-content\/uploads\/2018\/01\/logo-sharefood.png","width":1065,"height":1065,"caption":"Share Food ASBL"},"image":{"@id":"https:\/\/sharefood.be\/#\/schema\/logo\/image\/"},"sameAs":["https:\/\/www.facebook.com\/sharefoodbrussels\/"]}]}},"_links":{"self":[{"href":"https:\/\/sharefood.be\/en\/wp-json\/wp\/v2\/pages\/3515"}],"collection":[{"href":"https:\/\/sharefood.be\/en\/wp-json\/wp\/v2\/pages"}],"about":[{"href":"https:\/\/sharefood.be\/en\/wp-json\/wp\/v2\/types\/page"}],"author":[{"embeddable":true,"href":"https:\/\/sharefood.be\/en\/wp-json\/wp\/v2\/users\/1"}],"replies":[{"embeddable":true,"href":"https:\/\/sharefood.be\/en\/wp-json\/wp\/v2\/comments?post=3515"}],"version-history":[{"count":7,"href":"https:\/\/sharefood.be\/en\/wp-json\/wp\/v2\/pages\/3515\/revisions"}],"predecessor-version":[{"id":3635,"href":"https:\/\/sharefood.be\/en\/wp-json\/wp\/v2\/pages\/3515\/revisions\/3635"}],"wp:attachment":[{"href":"https:\/\/sharefood.be\/en\/wp-json\/wp\/v2\/media?parent=3515"}],"curies":[{"name":"wp","href":"https:\/\/api.w.org\/{rel}","templated":true}]}}